{"id":695,"date":"2021-01-20T17:57:49","date_gmt":"2021-01-20T17:57:49","guid":{"rendered":"https:\/\/hospiceyukon.net\/site2\/?page_id=695"},"modified":"2025-07-10T18:37:33","modified_gmt":"2025-07-10T18:37:33","slug":"events","status":"publish","type":"page","link":"https:\/\/hospiceyukon.net\/fr\/events\/","title":{"rendered":"\u00c9v\u00e9nements"},"content":{"rendered":"<div class=\"wpb-content-wrapper\"><div data-vc-full-width=\"true\" data-vc-full-width-init=\"false\" data-vc-stretch-content=\"true\" class=\"vc_row wpb_row vc_row-fluid vc_custom_1634836212901 vc_row-has-fill\"><div class=\"wpb_column vc_column_container vc_col-sm-12\"><div class=\"vc_column-inner\"><div class=\"wpb_wrapper\"><div\n\t\t\t\n\t\t\tclass=\"so-widget-sow-editor so-widget-sow-editor-base\"\n\t\t\t\n\t\t>\n<div class=\"siteorigin-widget-tinymce textwidget\">\n\t<h4>\u00c9v\u00e9nements \u00e0 venir<\/h4>\n<\/div>\n<\/div><div  class=\"vc_wp_text wpb_content_element\"><div class=\"widget widget_text\">\t\t\t<div class=\"textwidget\"><\/p>\n<p style=\"text-align: center;\">\n<div class=\"pt-cv-wrapper\">\n<div class=\"pt-cv-view pt-cv-grid pt-cv-colsys\" id=\"pt-cv-view-edf7334qh7\">\n<div data-id=\"pt-cv-page-1\" class=\"pt-cv-page\" data-cvc=\"3\">\n<div class=\"col-md-4 col-sm-4 col-xs-12 pt-cv-content-item pt-cv-1-col\" >\n<div class='pt-cv-ifield'><a href=\"https:\/\/hospiceyukon.net\/fr\/2026\/02\/10\/livingwithlosstogether\/\" class=\"_self pt-cv-href-thumbnail pt-cv-thumb-default\" target=\"_self\" ><img loading=\"lazy\" decoding=\"async\" width=\"300\" height=\"233\" src=\"https:\/\/hospiceyukon.net\/wp-content\/uploads\/2024\/02\/painted-heart-300-x-233.jpg\" class=\"pt-cv-thumbnail\" alt=\"\" srcset=\"https:\/\/hospiceyukon.net\/wp-content\/uploads\/2024\/02\/painted-heart-300-x-233.jpg 300w, https:\/\/hospiceyukon.net\/wp-content\/uploads\/2024\/02\/painted-heart-300-x-233-15x12.jpg 15w\" sizes=\"auto, (max-width: 300px) 100vw, 300px\" \/><\/a><\/p>\n<h4 class=\"pt-cv-title\"><a href=\"https:\/\/hospiceyukon.net\/fr\/2026\/02\/10\/livingwithlosstogether\/\" class=\"_self\" target=\"_self\" >1 &#8211; Living with Loss &#8211; In Person<\/a><\/h4>\n<div class=\"pt-cv-content\">This is a free workshop to help you support yourself and others in times of grief. You will learn about ...<\/p>\n<div class=\"pt-cv-rmwrap\"><a href=\"https:\/\/hospiceyukon.net\/fr\/2026\/02\/10\/livingwithlosstogether\/\" class=\"_self pt-cv-readmore btn btn-success\" target=\"_self\">Read More<\/a><\/div>\n<\/div>\n<\/div>\n<\/div>\n<div class=\"col-md-4 col-sm-4 col-xs-12 pt-cv-content-item pt-cv-1-col\" >\n<div class='pt-cv-ifield'><a href=\"https:\/\/hospiceyukon.net\/fr\/2026\/03\/04\/grief-and-the-frontline-professions\/\" class=\"_self pt-cv-href-thumbnail pt-cv-thumb-default\" target=\"_self\" ><img loading=\"lazy\" decoding=\"async\" width=\"300\" height=\"233\" src=\"https:\/\/hospiceyukon.net\/wp-content\/uploads\/2022\/04\/crocus-300-x-233.jpg\" class=\"pt-cv-thumbnail\" alt=\"\" srcset=\"https:\/\/hospiceyukon.net\/wp-content\/uploads\/2022\/04\/crocus-300-x-233.jpg 300w, https:\/\/hospiceyukon.net\/wp-content\/uploads\/2022\/04\/crocus-300-x-233-15x12.jpg 15w\" sizes=\"auto, (max-width: 300px) 100vw, 300px\" \/><\/a><\/p>\n<h4 class=\"pt-cv-title\"><a href=\"https:\/\/hospiceyukon.net\/fr\/2026\/03\/04\/grief-and-the-frontline-professions\/\" class=\"_self\" target=\"_self\" >2 &#8211; Grief and the Frontline Professions<\/a><\/h4>\n<div class=\"pt-cv-content\">Register now for this two-day workshop that we offer just once a year at beautiful Vista Outdoor Learning Centre near ...<\/p>\n<div class=\"pt-cv-rmwrap\"><a href=\"https:\/\/hospiceyukon.net\/fr\/2026\/03\/04\/grief-and-the-frontline-professions\/\" class=\"_self pt-cv-readmore btn btn-success\" target=\"_self\">Read More<\/a><\/div>\n<\/div>\n<\/div>\n<\/div>\n<div class=\"col-md-4 col-sm-4 col-xs-12 pt-cv-content-item pt-cv-1-col\" >\n<div class='pt-cv-ifield'><a href=\"https:\/\/hospiceyukon.net\/fr\/2026\/04\/22\/grief-walking-group-outdoor\/\" class=\"_self pt-cv-href-thumbnail pt-cv-thumb-default\" target=\"_self\" ><img loading=\"lazy\" decoding=\"async\" width=\"300\" height=\"233\" src=\"https:\/\/hospiceyukon.net\/wp-content\/uploads\/2023\/08\/Hospice-Fall-Walking-Group-e1744910359193.jpg\" class=\"pt-cv-thumbnail\" alt=\"\" srcset=\"https:\/\/hospiceyukon.net\/wp-content\/uploads\/2023\/08\/Hospice-Fall-Walking-Group-e1744910359193.jpg 300w, https:\/\/hospiceyukon.net\/wp-content\/uploads\/2023\/08\/Hospice-Fall-Walking-Group-e1744910359193-15x12.jpg 15w\" sizes=\"auto, (max-width: 300px) 100vw, 300px\" \/><\/a><\/p>\n<h4 class=\"pt-cv-title\"><a href=\"https:\/\/hospiceyukon.net\/fr\/2026\/04\/22\/grief-walking-group-outdoor\/\" class=\"_self\" target=\"_self\" >3- Grief Walking Group<\/a><\/h4>\n<div class=\"pt-cv-content\">Walking in nature can be soothing when you are grieving the loss of a loved one. Hospice Yukon is hosting ...<\/p>\n<div class=\"pt-cv-rmwrap\"><a href=\"https:\/\/hospiceyukon.net\/fr\/2026\/04\/22\/grief-walking-group-outdoor\/\" class=\"_self pt-cv-readmore btn btn-success\" target=\"_self\">Read More<\/a><\/div>\n<\/div>\n<\/div>\n<\/div>\n<div class=\"col-md-4 col-sm-4 col-xs-12 pt-cv-content-item pt-cv-1-col\" >\n<div class='pt-cv-ifield'><a href=\"https:\/\/hospiceyukon.net\/fr\/2026\/02\/10\/agm\/\" class=\"_self pt-cv-href-thumbnail pt-cv-thumb-default\" target=\"_self\" ><img loading=\"lazy\" decoding=\"async\" width=\"228\" height=\"160\" src=\"https:\/\/hospiceyukon.net\/wp-content\/uploads\/2026\/02\/sport-yukon-building.jpg\" class=\"pt-cv-thumbnail\" alt=\"\" srcset=\"https:\/\/hospiceyukon.net\/wp-content\/uploads\/2026\/02\/sport-yukon-building.jpg 228w, https:\/\/hospiceyukon.net\/wp-content\/uploads\/2026\/02\/sport-yukon-building-18x12.jpg 18w\" sizes=\"auto, (max-width: 228px) 100vw, 228px\" \/><\/a><\/p>\n<h4 class=\"pt-cv-title\"><a href=\"https:\/\/hospiceyukon.net\/fr\/2026\/02\/10\/agm\/\" class=\"_self\" target=\"_self\" >4- May 28 Hospice Yukon AGM<\/a><\/h4>\n<div class=\"pt-cv-content\">Please join us for our AGM! Hospice Yukon Society's Annual General Meeting for the 2025-2026 fiscal year will take place ...<\/p>\n<div class=\"pt-cv-rmwrap\"><a href=\"https:\/\/hospiceyukon.net\/fr\/2026\/02\/10\/agm\/\" class=\"_self pt-cv-readmore btn btn-success\" target=\"_self\">Read More<\/a><\/div>\n<\/div>\n<\/div>\n<\/div>\n<\/div>\n<\/div>\n<\/div>\n<p>\n<\/div>\n\t\t<\/div><\/div><div\n\t\t\t\n\t\t\tclass=\"so-widget-sow-editor so-widget-sow-editor-base\"\n\t\t\t\n\t\t>\n<div class=\"siteorigin-widget-tinymce textwidget\">\n\t<p>Si vous avez des questions \u00e0 propos de nos \u00e9v\u00e9nements, veuillez nous contacter par t\u00e9l\u00e9phone (867-667-7429) ou par <a href=\"info@hospiceyukon.net\">courriel<\/a> .<\/p>\n<p>\u00a0<\/p>\n<div class=\"forminator-ui forminator-custom-form forminator-custom-form-3063 forminator-design--basic  forminator_ajax\" data-forminator-render=\"0\" data-form=\"forminator-module-3063\" data-uid=\"69f21ab498d76\"><br\/><\/div><form\n\t\t\t\tid=\"forminator-module-3063\"\n\t\t\t\tclass=\"forminator-ui forminator-custom-form forminator-custom-form-3063 forminator-design--basic  forminator_ajax\"\n\t\t\t\tmethod=\"post\"\n\t\t\t\tdata-forminator-render=\"0\"\n\t\t\t\tdata-form-id=\"3063\"\n\t\t\t\t data-color-option=\"theme\" data-design=\"basic\" data-grid=\"open\" style=\"display: none;\"\n\t\t\t\tdata-uid=\"69f21ab498d76\" action=\"\"\n\t\t\t><div role=\"alert\" aria-live=\"polite\" class=\"forminator-response-message forminator-error\" aria-hidden=\"true\"><\/div><div class=\"forminator-row\"><div id=\"checkbox-1\" class=\"forminator-field-checkbox forminator-col forminator-col-12\"><div role=\"group\" class=\"forminator-field\" aria-labelledby=\"forminator-checkbox-group-forminator-field-checkbox-1-69f21ab498d76-label\"><span id=\"forminator-checkbox-group-forminator-field-checkbox-1-69f21ab498d76-label\" class=\"forminator-label\">Grief Group Wish List<\/span><span id=\"forminator-field-checkbox-1-69f21ab498d76-description\" class=\"forminator-description\">Everyone is welcome to our Living with Loss sessions. We can also offer specific grief groups when enough people are ready to take part. Let us know what future offering you might want to join. Your contact information is stored confidentially and we will follow up when a group is available.<\/span><label id=\"forminator-field-checkbox-1-1-69f21ab498d76-label\" for=\"forminator-field-checkbox-1-1-69f21ab498d76\" class=\"forminator-checkbox\" title=\"Perte d&#039;un animal de compagnie\"><input type=\"checkbox\" name=\"checkbox-1[]\" value=\"service-1\" id=\"forminator-field-checkbox-1-1-69f21ab498d76\" aria-labelledby=\"forminator-field-checkbox-1-1-69f21ab498d76-label\" data-calculation=\"0\"   aria-describedby=\"forminator-field-checkbox-1-69f21ab498d76-description\"\/><span class=\"forminator-checkbox-box\" aria-hidden=\"true\"><\/span><span class=\"forminator-checkbox-label\">Perte d'un animal de compagnie<\/span><\/label><label id=\"forminator-field-checkbox-1-2-69f21ab498d76-label\" for=\"forminator-field-checkbox-1-2-69f21ab498d76\" class=\"forminator-checkbox\" title=\"Suicide Loss\"><input type=\"checkbox\" name=\"checkbox-1[]\" value=\"service-2\" id=\"forminator-field-checkbox-1-2-69f21ab498d76\" aria-labelledby=\"forminator-field-checkbox-1-2-69f21ab498d76-label\" data-calculation=\"0\"   aria-describedby=\"forminator-field-checkbox-1-69f21ab498d76-description\"\/><span class=\"forminator-checkbox-box\" aria-hidden=\"true\"><\/span><span class=\"forminator-checkbox-label\">Suicide Loss<\/span><\/label><label id=\"forminator-field-checkbox-1-3-69f21ab498d76-label\" for=\"forminator-field-checkbox-1-3-69f21ab498d76\" class=\"forminator-checkbox\" title=\"People with Terminal Diagnoses\"><input type=\"checkbox\" name=\"checkbox-1[]\" value=\"People-with-Terminal-Diagnoses\" id=\"forminator-field-checkbox-1-3-69f21ab498d76\" aria-labelledby=\"forminator-field-checkbox-1-3-69f21ab498d76-label\" data-calculation=\"0\"   aria-describedby=\"forminator-field-checkbox-1-69f21ab498d76-description\"\/><span class=\"forminator-checkbox-box\" aria-hidden=\"true\"><\/span><span class=\"forminator-checkbox-label\">People with Terminal Diagnoses<\/span><\/label><label id=\"forminator-field-checkbox-1-4-69f21ab498d76-label\" for=\"forminator-field-checkbox-1-4-69f21ab498d76\" class=\"forminator-checkbox\" title=\"Substance Use death\"><input type=\"checkbox\" name=\"checkbox-1[]\" value=\"Substance-Use-death\" id=\"forminator-field-checkbox-1-4-69f21ab498d76\" aria-labelledby=\"forminator-field-checkbox-1-4-69f21ab498d76-label\" data-calculation=\"0\"   aria-describedby=\"forminator-field-checkbox-1-69f21ab498d76-description\"\/><span class=\"forminator-checkbox-box\" aria-hidden=\"true\"><\/span><span class=\"forminator-checkbox-label\">Substance Use death<\/span><\/label><label id=\"forminator-field-checkbox-1-5-69f21ab498d76-label\" for=\"forminator-field-checkbox-1-5-69f21ab498d76\" class=\"forminator-checkbox\" title=\"Spouse Loss\"><input type=\"checkbox\" name=\"checkbox-1[]\" value=\"Spouse-Loss\" id=\"forminator-field-checkbox-1-5-69f21ab498d76\" aria-labelledby=\"forminator-field-checkbox-1-5-69f21ab498d76-label\" data-calculation=\"0\"   aria-describedby=\"forminator-field-checkbox-1-69f21ab498d76-description\"\/><span class=\"forminator-checkbox-box\" aria-hidden=\"true\"><\/span><span class=\"forminator-checkbox-label\">Spouse Loss<\/span><\/label><label id=\"forminator-field-checkbox-1-6-69f21ab498d76-label\" for=\"forminator-field-checkbox-1-6-69f21ab498d76\" class=\"forminator-checkbox\" title=\"Child Loss  (death under 18 yrs)\"><input type=\"checkbox\" name=\"checkbox-1[]\" value=\"Child-Loss-(death-under-18-yrs)\" id=\"forminator-field-checkbox-1-6-69f21ab498d76\" aria-labelledby=\"forminator-field-checkbox-1-6-69f21ab498d76-label\" data-calculation=\"0\"   aria-describedby=\"forminator-field-checkbox-1-69f21ab498d76-description\"\/><span class=\"forminator-checkbox-box\" aria-hidden=\"true\"><\/span><span class=\"forminator-checkbox-label\">Child Loss  (death under 18 yrs)<\/span><\/label><label id=\"forminator-field-checkbox-1-7-69f21ab498d76-label\" for=\"forminator-field-checkbox-1-7-69f21ab498d76\" class=\"forminator-checkbox\" title=\"Adult Child Loss (death 18+ years)\"><input type=\"checkbox\" name=\"checkbox-1[]\" value=\"Adult-Child-Loss-(child-over-18-years)\" id=\"forminator-field-checkbox-1-7-69f21ab498d76\" aria-labelledby=\"forminator-field-checkbox-1-7-69f21ab498d76-label\" data-calculation=\"0\"   aria-describedby=\"forminator-field-checkbox-1-69f21ab498d76-description\"\/><span class=\"forminator-checkbox-box\" aria-hidden=\"true\"><\/span><span class=\"forminator-checkbox-label\">Adult Child Loss (death 18+ years)<\/span><\/label><label id=\"forminator-field-checkbox-1-8-69f21ab498d76-label\" for=\"forminator-field-checkbox-1-8-69f21ab498d76\" class=\"forminator-checkbox\" title=\"Grieving Teens (for youth)\"><input type=\"checkbox\" name=\"checkbox-1[]\" value=\"Grieving-Teens\" id=\"forminator-field-checkbox-1-8-69f21ab498d76\" aria-labelledby=\"forminator-field-checkbox-1-8-69f21ab498d76-label\" data-calculation=\"0\"   aria-describedby=\"forminator-field-checkbox-1-69f21ab498d76-description\"\/><span class=\"forminator-checkbox-box\" aria-hidden=\"true\"><\/span><span class=\"forminator-checkbox-label\">Grieving Teens (for youth)<\/span><\/label><label id=\"forminator-field-checkbox-1-9-69f21ab498d76-label\" for=\"forminator-field-checkbox-1-9-69f21ab498d76\" class=\"forminator-checkbox\" title=\"Grieving Children (for 12 yrs and under)\"><input type=\"checkbox\" name=\"checkbox-1[]\" value=\"Grieving-Children-(for-12-yrs-and-under)\" id=\"forminator-field-checkbox-1-9-69f21ab498d76\" aria-labelledby=\"forminator-field-checkbox-1-9-69f21ab498d76-label\" data-calculation=\"0\"   aria-describedby=\"forminator-field-checkbox-1-69f21ab498d76-description\"\/><span class=\"forminator-checkbox-box\" aria-hidden=\"true\"><\/span><span class=\"forminator-checkbox-label\">Grieving Children (for 12 yrs and under)<\/span><\/label><\/div><\/div><\/div><div class=\"forminator-row\"><div id=\"textarea-1\" class=\"forminator-field-textarea forminator-col forminator-col-12\"><div class=\"forminator-field\"><label for=\"forminator-field-textarea-1_69f21ab498d76\" id=\"forminator-field-textarea-1_69f21ab498d76-label\" class=\"forminator-label\">Other Grief Groups<\/label><span id=\"forminator-field-textarea-1_69f21ab498d76-description\" class=\"forminator-description\"><span data-limit=\"30\" data-type=\"words\" data-editor=\"\">0 \/ 30<\/span><\/span><textarea name=\"textarea-1\" placeholder=\"Share your suggestion for a type of grief group\" id=\"forminator-field-textarea-1_69f21ab498d76\" class=\"forminator-textarea\" rows=\"6\" style=\"--forminator-textarea-min-height:20px;\" ><\/textarea><\/div><\/div><\/div><div class=\"forminator-row\"><div id=\"textarea-2\" class=\"forminator-field-textarea forminator-col forminator-col-12\"><div class=\"forminator-field\"><label for=\"forminator-field-textarea-2_69f21ab498d76\" id=\"forminator-field-textarea-2_69f21ab498d76-label\" class=\"forminator-label\">Comments<\/label><span id=\"forminator-field-textarea-2_69f21ab498d76-description\" class=\"forminator-description\"><span data-limit=\"100\" data-type=\"words\" data-editor=\"\">0 \/ 100<\/span><\/span><textarea name=\"textarea-2\" placeholder=\"optional - brief note about your need\" id=\"forminator-field-textarea-2_69f21ab498d76\" class=\"forminator-textarea\" rows=\"6\" style=\"--forminator-textarea-min-height:20px;\" ><\/textarea><\/div><\/div><\/div><div class=\"forminator-row\"><div id=\"name-1\" class=\"forminator-field-name forminator-col forminator-col-12\"><div class=\"forminator-row forminator-no-margin\" data-multiple=\"true\"><div class=\"forminator-col forminator-col-md-6\"><div class=\"forminator-field\"><label for=\"forminator-field-first-name-1_69f21ab498d76\" id=\"forminator-field-first-name-1_69f21ab498d76-label\" class=\"forminator-label\">First Name <span class=\"forminator-required\">*<\/span><\/label><input type=\"text\" name=\"name-1-first-name\" placeholder=\"\" id=\"forminator-field-first-name-1_69f21ab498d76\" class=\"forminator-input\" aria-required=\"true\" data-multi=\"1\" autocomplete=\"given-name\" value=\"\" \/><\/div><\/div><div class=\"forminator-col forminator-col-md-6\"><div class=\"forminator-field\"><label for=\"forminator-field-last-name-1_69f21ab498d76\" id=\"forminator-field-last-name-1_69f21ab498d76-label\" class=\"forminator-label\">Last Name <span class=\"forminator-required\">*<\/span><\/label><input type=\"text\" name=\"name-1-last-name\" placeholder=\"\" id=\"forminator-field-last-name-1_69f21ab498d76\" class=\"forminator-input\" aria-required=\"true\" data-multi=\"1\" autocomplete=\"family-name\" value=\"\" \/><\/div><\/div><\/div><\/div><\/div><div class=\"forminator-row\"><div id=\"email-1\" class=\"forminator-field-email forminator-col forminator-col-12\"><div class=\"forminator-field\"><label for=\"forminator-field-email-1_69f21ab498d76\" id=\"forminator-field-email-1_69f21ab498d76-label\" class=\"forminator-label\">Email Address <span class=\"forminator-required\">*<\/span><\/label><input type=\"email\" name=\"email-1\" value=\"\" placeholder=\"\" id=\"forminator-field-email-1_69f21ab498d76\" class=\"forminator-input forminator-email--field\" data-required=\"true\" aria-required=\"true\" autocomplete=\"email\" \/><\/div><\/div><\/div><div class=\"forminator-row\"><div id=\"phone-1\" class=\"forminator-field-phone forminator-col forminator-col-12\"><div class=\"forminator-field\"><label for=\"forminator-field-phone-1_69f21ab498d76\" id=\"forminator-field-phone-1_69f21ab498d76-label\" class=\"forminator-label\">Phone Number <span class=\"forminator-required\">*<\/span><\/label><input type=\"text\" name=\"phone-1\" value=\"\" placeholder=\"\" id=\"forminator-field-phone-1_69f21ab498d76\" class=\"forminator-input forminator-field--phone\" data-required=\"1\" aria-required=\"true\" autocomplete=\"off\" data-validation=\"1\" \/><\/div><\/div><\/div><input type=\"hidden\" name=\"referer_url\" value=\"\" \/><div class=\"forminator-row forminator-row-last\"><div class=\"forminator-col\"><div class=\"forminator-field\"><button class=\"forminator-button forminator-button-submit\">Let us know<\/button><\/div><\/div><\/div><input type=\"hidden\" id=\"forminator_nonce\" name=\"forminator_nonce\" value=\"5ebc3b424b\" \/><input type=\"hidden\" name=\"_wp_http_referer\" value=\"\/fr\/wp-json\/wp\/v2\/pages\/695\" \/><input type=\"hidden\" name=\"form_id\" value=\"3063\"><input type=\"hidden\" name=\"page_id\" value=\"695\"><input type=\"hidden\" name=\"form_type\" value=\"default\"><input type=\"hidden\" name=\"current_url\" value=\"https:\/\/hospiceyukon.net\/fr\/events\/\"><input type=\"hidden\" name=\"render_id\" value=\"0\"><input type=\"hidden\" name=\"action\" value=\"forminator_submit_form_custom-forms\"><input type=\"hidden\" name=\"trp-form-language\" value=\"fr\"\/><\/form><\/p>\n<\/div>\n<\/div><\/div><\/div><\/div><\/div><div class=\"vc_row-full-width vc_clearfix\"><\/div><div class=\"vc_row wpb_row vc_row-fluid vc_custom_1611168866609\"><div class=\"wpb_column vc_column_container vc_col-sm-12\"><div class=\"vc_column-inner\"><div class=\"wpb_wrapper\"><div\n\t\t\t\n\t\t\tclass=\"so-widget-sow-editor so-widget-sow-editor-base\"\n\t\t\t\n\t\t>\n<div class=\"siteorigin-widget-tinymce textwidget\">\n\t<h5>\u00c9v\u00e9nements annuels<\/h5>\n<\/div>\n<\/div><\/div><\/div><\/div><\/div><div class=\"vc_row wpb_row vc_row-fluid vc_custom_1612290787334 vc_column-gap-20\"><div class=\"wpb_column vc_column_container vc_col-sm-4\"><div class=\"vc_column-inner vc_custom_1611168892584\"><div class=\"wpb_wrapper\"><div\n\t\t\t\n\t\t\tclass=\"so-widget-sow-editor so-widget-sow-editor-base\"\n\t\t\t\n\t\t>\n<div class=\"siteorigin-widget-tinymce textwidget\">\n\t<h5>Lumi\u00e8res de vie<\/h5>\n<p><span style=\"font-weight: 400;\">For over thirty years Hospice Yukon has hosted Lights of Life as a special way to remember loved ones who have died during the holiday season. The pain of missing loved ones can be especially difficult at this time of year. Hanging a remembrance tag on Lights of Life tree is a simple way to honouring lives of those we have loved and miss.<\/span><\/p>\n<p><span style=\"font-weight: 400;\">Lights of Life trees are available at many locations in Whitehorse as well as in many rural communities. At our main Lights of Life location in the atrium of the Elijah Smith Building on Main Street in Whitehorse, Hospice Yukon volunteers are on site to support, listen, and share in your stories.<\/span><\/p>\n<p><strong><i>\u00ab La c\u00e9r\u00e9monie des Lumi\u00e8res de vie a \u00e9t\u00e9 une merveilleuse exp\u00e9rience!  L'atmosph\u00e8re, la compagnie des b\u00e9n\u00e9voles, les gens qui ont partag\u00e9, leurs histoires... juste ce dont j'avais besoin et je suis s\u00fbr que c'est un cadeau pour tant de personnes dans la communaut\u00e9 \u00bb.<\/i><\/strong><\/p>\n<\/div>\n<\/div><\/div><\/div><\/div><div class=\"wpb_column vc_column_container vc_col-sm-4\"><div class=\"vc_column-inner vc_custom_1611168906986\"><div class=\"wpb_wrapper\"><div\n\t\t\t\n\t\t\tclass=\"so-widget-sow-editor so-widget-sow-editor-base\"\n\t\t\t\n\t\t>\n<div class=\"siteorigin-widget-tinymce textwidget\">\n\t<h5><b>Perte et deuil en milieu de travail<\/b><\/h5>\n<p>Tout milieu de travail conna\u00eetra in\u00e9vitablement une perte. Lorsque cela se produit - qu'il s'agisse du d\u00e9c\u00e8s d'un coll\u00e8gue, de la perte d'un membre de la famille, d'une maladie chronique ou d'autres pertes - les cons\u00e9quences peuvent se r\u00e9percuter sur l'ensemble du milieu de travail, affectant le moral, la motivation et, en fin de compte, la productivit\u00e9.<\/p>\n<p>Perte, deuil et gu\u00e9rison en milieu de travail est un atelier propos\u00e9 par Hospice Yukon en partenariat avec le <i>Northern Institute of Social Justice<\/i> et l'Universit\u00e9 du Yukon. Il enseigne des outils pour vous aider \u00e0 vous pr\u00e9parer \u00e0 la perte et au chagrin dans votre environnement de travail, ainsi que des id\u00e9es et des connaissances sur:<\/p>\n<ul>\n<li>La nature du deuil et la fa\u00e7on dont nous gu\u00e9rissons<\/li>\n<li>Des outils pratiques pour vous aider \u00e0 assurer un leadership efficace en cas de crise et de p\u00e9riodes de stress intense<\/li>\n<li>Anticiper les d\u00e9fis li\u00e9s au soutien des employ\u00e9s dans les moments difficiles<\/li>\n<li>Mettre en place un soutien appropri\u00e9 et maintenir la productivit\u00e9 dans votre travail unique<\/li>\n<\/ul>\n<p>L'atelier est destin\u00e9 aux cadres, aux superviseurs, aux \u00e9ducateurs, aux professionnels des ressources humaines, aux directeurs d'\u00e9cole et \u00e0 toute personne jouant un r\u00f4le de premier plan sur son lieu de travail.<\/p>\n<\/div>\n<\/div><\/div><\/div><\/div><div class=\"wpb_column vc_column_container vc_col-sm-4\"><div class=\"vc_column-inner vc_custom_1611168919337\"><div class=\"wpb_wrapper\"><div\n\t\t\t\n\t\t\tclass=\"so-widget-sow-editor so-widget-sow-editor-base\"\n\t\t\t\n\t\t>\n<div class=\"siteorigin-widget-tinymce textwidget\">\n\t<h5><b>Donner des soins lors d'une perte ou d'un deuil<\/b><\/h5>\n<p>Cet atelier est propos\u00e9 par Hospice Yukon en partenariat avec le <i>Northern Institute of Social Justice<\/i> et l'Universit\u00e9 du Yukon. Il offre :<\/p>\n<ul>\n<li>Un regard approfondi sur la mani\u00e8re dont nous faisons notre deuil<\/li>\n<li>Des comp\u00e9tences et ressources pour soutenir les autres en cas de perte<\/li>\n<li>Des outils pratiques pour r\u00e9duire le stress et trouver un \u00e9quilibre dans votre vie<\/li>\n<li>L'occasion de se sentir renouvel\u00e9 et plus confiant pour prendre soin de soi, ainsi que de vos coll\u00e8gues, clients et proches.<\/li>\n<\/ul>\n<p>Ce webinaire s'adresse aux infirmiers, aux enseignants, aux travailleurs sociaux, au personnel de soins \u00e0 domicile, aux th\u00e9rapeutes, aux \u00e9ducatrices en petite enfance, aux conseillers, au personnel m\u00e9dical d'urgence, aux travailleurs de la sant\u00e9 des Premi\u00e8res nations, \u00e0 la GRC et \u00e0 toute personne qui aide les autres dans le cadre de son travail, y compris les aidants familiaux.<\/p>\n<\/div>\n<\/div><\/div><\/div><\/div><\/div><div class=\"vc_row wpb_row vc_row-fluid\"><div class=\"wpb_column vc_column_container vc_col-sm-12\"><div class=\"vc_column-inner\"><div class=\"wpb_wrapper\"><\/div><\/div><\/div><\/div>\n<\/div>","protected":false},"excerpt":{"rendered":"Upcoming Events 1 &#8211; Living with Loss &#8211; In Person This is a free workshop to help you support yourself and others in times of grief. You will learn about ... Read More 2 &#8211; Grief and the Frontline Professions Register now for this two-day workshop that we offer just once a year at beautiful [...]","protected":false},"author":3,"featured_media":2080,"parent":0,"menu_order":0,"comment_status":"closed","ping_status":"closed","template":"page.php","meta":{"footnotes":""},"class_list":["post-695","page","type-page","status-publish","has-post-thumbnail","hentry"],"_links":{"self":[{"href":"https:\/\/hospiceyukon.net\/fr\/wp-json\/wp\/v2\/pages\/695","targetHints":{"allow":["GET"]}}],"collection":[{"href":"https:\/\/hospiceyukon.net\/fr\/wp-json\/wp\/v2\/pages"}],"about":[{"href":"https:\/\/hospiceyukon.net\/fr\/wp-json\/wp\/v2\/types\/page"}],"author":[{"embeddable":true,"href":"https:\/\/hospiceyukon.net\/fr\/wp-json\/wp\/v2\/users\/3"}],"replies":[{"embeddable":true,"href":"https:\/\/hospiceyukon.net\/fr\/wp-json\/wp\/v2\/comments?post=695"}],"version-history":[{"count":47,"href":"https:\/\/hospiceyukon.net\/fr\/wp-json\/wp\/v2\/pages\/695\/revisions"}],"predecessor-version":[{"id":3064,"href":"https:\/\/hospiceyukon.net\/fr\/wp-json\/wp\/v2\/pages\/695\/revisions\/3064"}],"wp:featuredmedia":[{"embeddable":true,"href":"https:\/\/hospiceyukon.net\/fr\/wp-json\/wp\/v2\/media\/2080"}],"wp:attachment":[{"href":"https:\/\/hospiceyukon.net\/fr\/wp-json\/wp\/v2\/media?parent=695"}],"curies":[{"name":"wp","href":"https:\/\/api.w.org\/{rel}","templated":true}]}}